{"id":12,"date":"2024-04-12T19:00:30","date_gmt":"2024-04-12T17:00:30","guid":{"rendered":"http:\/\/www.etxauri.eus\/?page_id=12"},"modified":"2024-04-18T12:48:43","modified_gmt":"2024-04-18T10:48:43","slug":"etxauri","status":"publish","type":"page","link":"http:\/\/www.etxauri.eus\/es\/etxauri\/","title":{"rendered":"Etxauri"},"content":{"rendered":"<p><span style=\"color: #000000\">Bienvenidas y bienvenidos a Etxauri, pueblo hist\u00f3rico situado al norte del valle de su nombre y al poniente de la cuenca de Pamplona, compuesto por los lugares de Etxauri y Otazu.<\/span><\/p>\n<p><span style=\"color: #000000\">Etxauri se caracteriza por ser una localidad acogedora y tranquila, en la que el visitante queda maravillado ante los atractivos naturales, que emergen majestuosos ante sus ojos.<\/span><\/p>\n<p><span style=\"color: #000000\">Destacar\u00edamos: La Sierra de Sarbil, con su cumbre Santa Cruz y su escuela de escalada \u00fanica en Navarra, que cuenta en la actualidad con casi un millar de v\u00edas (El Kiriako, El Cantero, La Rueca, El Uso); El mirador del Puerto de Etxauri desde donde contemplamos el valle, la cuenca de Pamplona y, en d\u00edas despejados, en la lejan\u00eda desde los Pirineos hasta el Moncayo.<\/span><\/p>\n<p><span style=\"color: #000000\">Paseando por nuestras calles y plazas podemos disfrutar de su amplitud y tranquilidad, de las casas solariegas, torres medievales y la amabilidad de nuestra gente que hacen de nuestro municipio un lugar agradable para el disfrute de habitantes y visitantes.<\/span><\/p>\n<p><span style=\"color: #000000\">Etxauri es un pueblo de arraigadas costumbres, rico en recursos naturales (cerezas, vinos, cordero de la cuenca). Su atractivo m\u00e1s preciado es la naturaleza en su mayor expresi\u00f3n, que hace de nuestro entorno un lugar privilegiado para el disfrute.<\/span><\/p>\n<p><span style=\"color: #000000\">Sin duda, cualquier \u00e9poca del a\u00f1o es buena para visitarnos: invierno y oto\u00f1o para pasear por la Sierra de Sarbil o disfrutar de las alamedas y paseos cercanos al r\u00edo Arga, junio para disfrutar de las fiestas patronales y degustar nuestras preciadas cerezas y verano para relajarse en nuestras piscinas despu\u00e9s de disfrutar de la naturaleza.<\/span><\/p>\n<p><span style=\"color: #000000\">Para los amantes de la escalada las posibilidades se abren a cualquier iniciativa y posibilidad, dado la espectacularidad y variedad de v\u00edas existentes.<\/span><\/p>\n<p><span style=\"color: #000000\">En esta p\u00e1gina Web mostramos nuestro pueblo, tanto para los etxauriarras como para el que nos quiera visitar.<\/span><\/p>\n<p><span style=\"color: #000000\">Os damos la bienvenida esperando que esta Web sea de vuestro agrado y ayude a que visit\u00e9is nuestro pueblo personalmente.<\/span><\/p>\n<p><span style=\"color: #000000\">Un cordial saludo,<\/span><\/p>\n<p><span style=\"color: #000000\">La Corporaci\u00f3n Municipal<\/span><\/p>\n<p><span class=\"lite\"><strong>Alcaldesa<\/strong>: <\/span><span class=\"dato\" style=\"color: #000000\">Idoia Aritzala Etxarren<span class=\"lite\"> (EHBildu)<\/span><\/span><\/p>\n<p><span class=\"lite\"><strong>Concejal\/as<\/strong>:<br \/>\n<\/span><\/p>\n<ul>\n<li><span class=\"lite\" style=\"color: #000000\">Ainara Baquedano Munarriz (EHBildu)<\/span><\/li>\n<li><span style=\"color: #000000\">Itxaso Sagardoy Lacosta (EHBildu)<\/span><\/li>\n<li><span style=\"color: #000000\">Itziar Calvo Oteiza (EHBildu)<\/span><\/li>\n<li><span style=\"color: #000000\">Julen Lazcano Andueza\u00a0 (EHBildu)<\/span><\/li>\n<li><span style=\"color: #000000\">Osane Andueza Os\u00e9s (EHBildu)<\/span><\/li>\n<li><span style=\"color: #000000\">Maddalen Beaumont Rodriguez (EHBildu)<\/span><\/li>\n<\/ul>\n<p>&nbsp;<\/p>\n<ul>\n<li><strong>Comunidad Aut\u00f3noma:<\/strong> Navarra.<\/li>\n<li><strong>Provincia:<\/strong> Navarra.<\/li>\n<li><strong>Categor\u00eda Hist\u00f3rica:<\/strong> Municipio.<\/li>\n<li><strong>Categor\u00eda Administrativa:<\/strong> Ayuntamiento.<\/li>\n<li><strong>Partido Judicial:<\/strong> Pamplona.<\/li>\n<li><strong>Merindad:<\/strong> Pamplona.<\/li>\n<li><strong>Comarca Geogr\u00e1fica:<\/strong> Valle de Etxauri.<\/li>\n<li><strong>Poblaci\u00f3n <span class=\"segundo\"><span id=\"ctl00_Contenido_Frm272MunicFichaEntidad1_lbl_FechaMedidaNumHabitantes\">a fecha 14\/01\/2022<\/span><\/span>:<\/strong>\u00a0723 habitantes.<\/li>\n<li><strong>Extensi\u00f3n:\u00a0<\/strong>13,638 <abbr title=\"kil\u00f3metros cuadrados\">Km\u00b2<\/abbr>.<\/li>\n<li><strong>Altitud :<\/strong> 412 metros.<\/li>\n<li><strong>Distancia a Pamplona:<\/strong> 14 Kil\u00f3metros.<\/li>\n<li><strong>Comunicaciones \/ Carreteras de acceso:<\/strong> Se encuentra situado en la\u00a0NA-700, Pamplona &#8211; Estella.<\/li>\n<li><strong>Gentilicio:<\/strong> Etxauriarra.<\/li>\n<\/ul>\n<h2><span style=\"color: #000000\">GEOGRAF\u00cdA<\/span><\/h2>\n<p><span style=\"color: #000000\">El valle de Etxauri se presenta como una unidad geogr\u00e1fica, limitada por monta\u00f1as y\u00a0 atravesada por el r\u00edo Arga. El valle tiene su entrada por el Este y salida por el Suroeste. Al norte, esta limitado por la sierra de Sarbil y al Sur por la sierra del Perd\u00f3n (Erreniega).<img loading=\"lazy\" decoding=\"async\" class=\"alignright wp-image-15 size-full\" src=\"\/wp-content\/uploads\/sites\/103\/2015\/10\/geografia.jpg\" alt=\"geografia\" width=\"200\" height=\"150\" \/><\/span><\/p>\n<p><span style=\"color: #000000\">Etxauri, situado a la entrada del valle, resguardado por la falla de la sierra de Sarbil y situado en un altiplano, constituye un lugar estrat\u00e9gico para el control del acceso al resto del valle. La localizaci\u00f3n del municipio en este lugar no es por azar, puesto que queda suficientemente probada la ocupaci\u00f3n del espacio por grupos humanos desde hace 18.000 a\u00f1os, y as\u00ed lo atestiguan los 20 yacimientos arqueol\u00f3gicos datados y estudiados en la sierra de Sarbil. Estos yacimientos van cronol\u00f3gicamente del Epigravetiense y Solutrense hasta la Edad del Hierro.<\/span><\/p>\n<p><span style=\"color: #000000\">La sierra de Sarbil constituye los terrenos m\u00e1s antiguos del valle de Etxauri y se remontan al Eoceno medio, cuando se depositan las calizas. Por un lado, la falla Pirenaica que provoca el levantamiento de las calizas y, por otro, la fractura del Z\u00f3calo Herciniano que produce el levantamiento de la sierra y la falla, han hecho que la sierra de Sarbil se presente como un bloque levantado de fracturas escalonadas y paralelas. De este modo surge una falla de imponentes paredes calc\u00e1reas que en algunos casos llegan ha alcanzar los 100 metros de altura.<\/span><\/p>\n<p><span style=\"color: #000000\">Estas paredes de roca caliza tan desiguales y desordenadas son un atractivo y un referente <img loading=\"lazy\" decoding=\"async\" class=\"alignright wp-image-14 size-full\" src=\"\/wp-content\/uploads\/sites\/103\/2015\/10\/buitre.jpg\" alt=\"Buitre\" width=\"200\" height=\"150\" \/>para los amantes de la escalada. De hecho, la zona est\u00e1 considerada como la mejor escuela de escalada de Navarra y una de las mejores en roca blanda de Europa, ya que las posibilidades deportivas en la falla son inmensas abarcando v\u00edas para el aprendizaje y v\u00edas extremas para los m\u00e1s expertos.<\/span><\/p>\n<p><span style=\"color: #000000\">La situaci\u00f3n geogr\u00e1fica de Etxauri, al estar ubicado en la parte sur de la sierra de Sarbil, hace que el municipio quede protegido de las influencias meteorol\u00f3gicas procedentes del norte. Su situaci\u00f3n estrat\u00e9gica en la solana, al resguardo de la falla y orientado en direcci\u00f3n sur, hacen de nuestro municipio un lugar privilegiado, con un microclima muy singular.<\/span><\/p>\n<p><span style=\"color: #000000\">Por todas estas caracter\u00edsticas, las tierras bajas del t\u00e9rmino municipal de Etxauri, regadas por el rio Arga, que transcurre serpenteante por la llanura formando amplios meandros, son muy ricas y f\u00e9rtiles para la agricultura. En consecuencia, se dan muy bien en la zona cultivos propios de latitudes m\u00e1s bajas, como son la vid, el cereal y especialmente los cerezos y otras variedades frut\u00edcolas. Los documentos atestiguan que el cultivo de la vid se remonta a la Edad Media. De hecho, las bodegas del Reino de Navarra se abastec\u00edan de la producci\u00f3n de la zona.<\/span><\/p>\n<p><span style=\"color: #000000\">Por otro lado, los recursos h\u00eddricos son un dato que es preciso destacar. La composici\u00f3n geol\u00f3gica de la sierra de Sarbil, con su roca caliza muy porosa y permeable, favorece la filtraci\u00f3n de una gran parte de las aguas de lluvia, que posteriormente emergen en la llanura en una infinidad de fuentes y manantiales. En algunos casos se trata de manantiales de aguas termales y sulfurosas, como los de Ibero, Etxauri o el antiguo Balneario Real de Belascoain. Todos estos elementos hacen de nuestro territorio un lugar c\u00e1lido y agradable para los habitantes, la fauna y la agricultura, manteniendo as\u00ed una casi perfecta relaci\u00f3n entre naturaleza y seres humanos, en un entorno espl\u00e9ndido para vivir y disfrutar.<\/span><\/p>\n<div id=\"contenido\">\n<h2><span style=\"color: #000000\">HISTORIA DE ETXAURI<\/span><\/h2>\n<p><span style=\"color: #000000\"><a class=\"pdf mtli_attachment mtli_pdf\" style=\"color: #000000\" title=\"El documento PDF se abrir\u00e1 en nueva ventana\" href=\"\/wp-content\/uploads\/sites\/103\/2015\/10\/historia_etxauri.pdf\" target=\"_blank\" rel=\"noopener\">Historia de Etxauri (Tama\u00f1o 38Kb).<\/a><\/span><\/p>\n<h3><span style=\"color: #000000\">LA HISTORIA DE ETXAURI SEG\u00daN LOS RESTOS ARQUEOL\u00d3GICOS<\/span><\/h3>\n<p><span style=\"color: #000000\">Los primeros indicios de ocupaciones humanas en el Valle de Etxauri son restos del Paleol\u00edtico Inferior y medio de hace m\u00e1s de 50.000 a\u00f1os, posiblemente poblaciones pre-neandertales y neandertales.<\/span><\/p>\n<p><span style=\"color: #000000\">An\u00e1lisis de C14 han documentado restos de ocupaci\u00f3n humana en el municipio de Etxauri de hace 17.000 a\u00f1os. Se tratar\u00eda de una peque\u00f1a partida de cazadores que instal\u00f3 un puesto de observaci\u00f3n, descanso y recuperaci\u00f3n de sus armas de caza en el abrigo de Legintxiki. Por los restos recuperados hemos podido saber que pertenec\u00edan al mundo cultural del Epigravetiense, muy difundido en toda Europa Occidental en esas fechas, y que cazaban grandes mam\u00edferos como oso de las cavernas, rinoceronte lanudo y reno. Esto da una idea del clima extremo que hab\u00eda en el Valle de Etxauri, que tendr\u00eda un medio ambiente similar al que hoy vemos en Laponia o Siberia. Esta situaci\u00f3n glacial dura unos 7.000 a\u00f1os m\u00e1s, periodo en el que perdura la ocupaci\u00f3n humana de Legintxiki y en las cuevas de Legin, pero ya con elementos de culturas europeas m\u00e1s recientes, como es el Solutrense y Magdaleniense.<\/span><\/p>\n<p><span style=\"color: #000000\">Hace unos 10.000 a\u00f1os se termina el periodo glacial y Europa Occidental entra en una fase de calentamiento y aumento de la humedad que va a cambiar de forma brusca todas las culturas paleol\u00edticas: surgen amplios bosques y los grandes mam\u00edferos de h\u00e1bitat fr\u00edo emigran al Norte. En Etxauri hay restos de este convulso periodo en Legintxiki y Legin.<\/span><\/p>\n<p><span style=\"color: #000000\">Tras un largo proceso de m\u00e1s de 4.000 a\u00f1os, la humanidad cambia su relaci\u00f3n con el medio ambiente y pasa de cazador y recolector a agricultor y ganadero en lo que se ha llamado \u00abRevoluci\u00f3n Neol\u00edtica\u00bb, que en Etxauri tiene sus expresiones en yacimientos como Cueva del Moro, Vi\u00f1as de la Pe\u00f1a, Cuevas de Legin, Legintxiki, Zaldualdea y La Playa y en las pinturas esquem\u00e1ticas de la Pe\u00f1a del Cantero.<\/span><\/p>\n<p><span style=\"color: #000000\">Hacia el a\u00f1o 800\u00a0<abbr title=\"antes de Cristo\">a.C.<\/abbr> y coincidiendo con los inicios de la Edad del Hierro empiezan a surgir en Navarra los primeros poblados fortificados y en Etxauri tenemos evidencias en San Quiriaco y en el Alto de Legin, en cuyo entorno se localizaron armas de hierro de origen centro europeo.<\/span><\/p>\n<p><span style=\"color: #000000\">La \u00e9poca romana apenas se conoce en Etxauri, aunque en excavaciones dentro del casco urbano, se han localizado numerosos restos de una villa, que puede delatar el origen y la antig\u00fcedad del pueblo. Hay tambi\u00e9n algunos indicios de ocupaci\u00f3n romana en las Pe\u00f1as del Cantero.<\/span><\/p>\n<p><span style=\"color: #000000\">Se desconocen restos a partir del siglo V de nuestra era y no ser\u00e1 hasta inicios del IX cuando algunas fuentes documentales \u00e1rabes citan la fortaleza de Sajrat Qays, que algunos autores de hoy localizan en San Quiriaco, fundamentalmente por el parecido fon\u00e9tico y por los restos arqueol\u00f3gicos de este lugar. Esta fortaleza sirvi\u00f3 de refugio a los habitantes de la zona ante las razias de Abderram\u00e1n III de 924 contra el Reino de Pamplona. Es durante este turbulento periodo, pero sobre todo en la Baja Edad Media, cuando el pueblo de Etxauri se encontrar\u00eda conformado como se conoce en la actualidad, aunque el \u00fanico resto arqueol\u00f3gico ser\u00eda la necr\u00f3polis de la ermita de Nuestra Se\u00f1ora de los Remedios, en la que se localizaron m\u00e1s de 180 inhumaciones en cistas de lajas, sillarejo o simplemente excavadas en el suelo. Result\u00f3 llamativo para los propios arque\u00f3logos la altura de algunos individuos enterrados en este cementerio, siendo varios los que superaban los 185 cm, as\u00ed como algunas lesiones y enfermedades.<\/span><\/p>\n<h3><span style=\"color: #000000\">LA PIEDRA Y LA LEYENDA DEL CALERO<\/span><\/h3>\n<p><span style=\"color: #ff0000\"><a class=\"pdf mtli_attachment mtli_pdf\" style=\"color: #ff0000\" title=\"El documento PDF se abrir\u00e1 en nueva ventana\" href=\"\/wp-content\/uploads\/sites\/103\/2015\/10\/leyenda_calero.pdf\" target=\"_blank\" rel=\"noopener\">La piedra y la leyenda del calero (Tama\u00f1o 46Kb)<\/a><\/span><\/p>\n<div id=\"caja_blanca\">\n<div id=\"tit_enviar_imprimir\">\n<h2><span style=\"color: #000000\">ETXAURI Y SU ECONOM\u00cdA<\/span><\/h2>\n<\/div>\n<\/div>\n<div id=\"contenido\">\n<p>Si bien la cercan\u00eda a Iru\u00f1ea hace que muchos habitantes de Etxauri busquen en las industrias de Iru\u00f1erria su opci\u00f3n laboral, los tres sectores econ\u00f3micos siguen teniendo presencia en Etxauri.<\/p>\n<p><strong>Personas trabajadoras por sector de actividad:<\/strong><\/p>\n<ul>\n<li><span style=\"color: #000000\">Agricultura: 15,4%<\/span><\/li>\n<li><span style=\"color: #000000\">Industria: 30,8%<\/span><\/li>\n<li><span style=\"color: #000000\">Construcci\u00f3n: 14,3%<\/span><\/li>\n<li><span style=\"color: #000000\">Servicios: 39,6%<\/span><\/li>\n<\/ul>\n<p><strong>Empresas por sector de actividad:<\/strong><\/p>\n<ul>\n<li><span style=\"color: #000000\">Agricultura: 23,1%<\/span><\/li>\n<li><span style=\"color: #000000\">Industria: 15,4%<\/span><\/li>\n<li><span style=\"color: #000000\">Construcci\u00f3n: 7,7%<\/span><\/li>\n<li><span style=\"color: #000000\">Servicios: 53,8 %<\/span><\/li>\n<\/ul>\n<p><span style=\"color: #000000\">Fuente: Servicio Estudios Caja Espa\u00f1a 2008.<\/span><\/p>\n<h3><span style=\"color: #000000\">AGRICULTURA<\/span><\/h3>\n<p><span style=\"color: #000000\">El sector agrario de Etxauri tiene importantes elementos a destacar.<img loading=\"lazy\" decoding=\"async\" class=\"alignright wp-image-47 size-full\" src=\"\/wp-content\/uploads\/sites\/103\/2015\/10\/cerezos.jpg\" alt=\"Cerezos\" width=\"200\" height=\"150\" \/><\/span><\/p>\n<p><span style=\"color: #000000\">Como no en primer lugar<strong> la cereza<\/strong>, ese fruto que adem\u00e1s de llenar de color el valle en primavera, supone un no desde\u00f1able aporte de rentas. Los cerca de 400.000 kilos que produce el valle son comercializados en su mayor parte por la cooperativa de Orvalaiz (<a style=\"color: #000000\" title=\"Se abre en nueva ventana\" href=\"http:\/\/www.orvalaiz.com\/\" target=\"_blank\" rel=\"noopener\">http:\/\/www.orvalaiz.com\/<\/a>) y su consolidaci\u00f3n y desarrollo, como importante se\u00f1a de identidad del valle, son un claro reto para el futuro.<\/span><\/p>\n<p><span style=\"color: #000000\"><a class=\"pdf mtli_attachment mtli_pdf\" style=\"color: #000000\" title=\"El documento PDF se abrir\u00e1 en nueva ventana\" href=\"\/wp-content\/uploads\/sites\/103\/2015\/10\/cerezas_valle_etxauri.pdf\" target=\"_blank\" rel=\"noopener\">El Valle de Etxauri y sus cerezas (Tama\u00f1o 128Kb).<\/a><\/span><\/p>\n<p><span style=\"color: #000000\"><img loading=\"lazy\" decoding=\"async\" class=\"alignnone size-full wp-image-46\" src=\"\/wp-content\/uploads\/sites\/103\/2015\/10\/cerezos2.jpg\" alt=\"Cerezos de Etxauri\" width=\"200\" height=\"154\" \/>\u00a0 <a style=\"color: #000000\" href=\"\/wp-content\/uploads\/sites\/103\/2015\/10\/cerezos3.jpg\"><img loading=\"lazy\" decoding=\"async\" class=\"alignnone size-full wp-image-48\" src=\"\/wp-content\/uploads\/sites\/103\/2015\/10\/cerezos3.jpg\" alt=\"Digital StillCamera\" width=\"200\" height=\"150\" \/><\/a><\/span><\/p>\n<p><span style=\"color: #000000\">Adem\u00e1s de la cereza es de destacar la relevancia de<strong> la vi\u00f1a<\/strong>. Este cultivo de gran importancia a lo largo de la historia hab\u00eda sido abandonado pr\u00e1cticamente hasta que la Bodega Se\u00f1or\u00edo de Otazu (<a style=\"color: #000000\" title=\"Se abre en nueva ventana\" href=\"http:\/\/www.otazu.com\" target=\"_blank\" rel=\"noopener\">www.otazu.com<\/a>) plant\u00f3 a\u00a0principios de los 90 alrededor de 115 hect\u00e1reas, rehabilitando as\u00ed mismo la bodega y palacios del se\u00f1or\u00edo.<img loading=\"lazy\" decoding=\"async\" class=\"alignright wp-image-49 size-full\" src=\"\/wp-content\/uploads\/sites\/103\/2015\/10\/ovejas.jpg\" alt=\"Ovejas de Etxauri\" width=\"200\" height=\"150\" \/><\/span><\/p>\n<p><span style=\"color: #000000\">En el \u00e1mbito de <strong>la ganader\u00eda<\/strong> destacar por un lado un <strong>reba\u00f1o ovino<\/strong> de m\u00e1s de 1.500 madres de <strong>raza Navarra<\/strong> en r\u00e9gimen extensivo que adem\u00e1s aprovisiona de carne local a la carnicer\u00eda del municipio.<\/span><\/p>\n<p><span style=\"color: #000000\">Por otro lado, un paseo por la sierra de Sarbil permite disfrutar, adem\u00e1s de los maravillosos paisajes que se ven desde esas alturas, del mayor reba\u00f1o de <strong>vacas de pura raza pirenaica<\/strong> acogidas al sistema de<strong> producci\u00f3n ecol\u00f3gica<\/strong> de toda Navarra. Es destacable que Etxauri tiene un 56,1% de su superficie acogida al sistema de producci\u00f3n agraria ecol\u00f3gica.<\/span><\/p>\n<table border=\"1\" summary=\"Superficies agrarias en producci\u00f3n ecol\u00f3gica en Etxauri 2008\">\n<caption><span style=\"color: #000000\">Superficies agrarias en producci\u00f3n ecol\u00f3gica en Etxauri 2008<\/span><\/caption>\n<thead>\n<tr>\n<th id=\"c1140\">Grupo de cultivos<\/th>\n<th id=\"c1141\">Superficie de cultivo<\/th>\n<\/tr>\n<\/thead>\n<tbody>\n<tr>\n<td headers=\"c1140\"><span style=\"color: #000000\">Fruta dulce y peque\u00f1os frutos<\/span><\/td>\n<td headers=\"c1141\"><span style=\"color: #000000\">0,82<\/span><\/td>\n<\/tr>\n<tr>\n<td headers=\"c1140\"><span style=\"color: #000000\">Olivar<\/span><\/td>\n<td headers=\"c1141\"><span style=\"color: #000000\">0,08<\/span><\/td>\n<\/tr>\n<tr>\n<td headers=\"c1140\"><span style=\"color: #000000\">Otras superficies no cultivadas<\/span><\/td>\n<td headers=\"c1141\"><span style=\"color: #000000\">0,64<\/span><\/td>\n<\/tr>\n<tr>\n<td headers=\"c1140\"><span style=\"color: #000000\">Pastos<\/span><\/td>\n<td headers=\"c1141\"><span style=\"color: #000000\">399,68<\/span><\/td>\n<\/tr>\n<tr>\n<td headers=\"c1140\"><span style=\"color: #000000\">Praderas<\/span><\/td>\n<td headers=\"c1141\"><span style=\"color: #000000\">390,04<\/span><\/td>\n<\/tr>\n<tr>\n<td headers=\"c1140\"><span style=\"color: #000000\">Uso mixto silvo-pastoral<\/span><\/td>\n<td headers=\"c1141\"><span style=\"color: #000000\">0,28<\/span><\/td>\n<\/tr>\n<tr>\n<td headers=\"c1140\"><span style=\"color: #000000\">TOTAL<\/span><\/td>\n<td headers=\"c1141\"><span style=\"color: #000000\">791,54<\/span><\/td>\n<\/tr>\n<\/tbody>\n<\/table>\n<h3><span style=\"color: #000000\">INDUSTRIA Y CONSTRUCCI\u00d3N<\/span><\/h3>\n<p><span style=\"color: #000000\">El sector industrial y de la construcci\u00f3n se encuentra compuesto por una veintena de peque\u00f1as empresas, de las que m\u00e1s de la mitad se encuentran vinculadas a la construcci\u00f3n.<\/span><\/p>\n<p><span style=\"color: #000000\">Cabe destacar el taller de forja art\u00edstica Arbizu que desde 1928 se dedica a la elaboraci\u00f3n de artesan\u00eda de forja as\u00ed como la industria vinculada a la elaboraci\u00f3n de vino en la Bodega del se\u00f1or\u00edo de Otazu.<\/span><\/p>\n<h3><span style=\"color: #000000\">SERVICIOS<\/span><\/h3>\n<p><span style=\"color: #000000\">Adem\u00e1s de varias peque\u00f1as empresas de servicios agr\u00edcolas y de transporte y de una empresa de espect\u00e1culos teatrales, Etxauri dispone de servicio de taxi, hospedaje en dos alojamientos , dos bares-restaurantes (Sarbil Jatetxea y Denak Bat), una peluquer\u00eda, una farmacia y una venta (Adoain) para suministro de ultramarinos y carnicer\u00eda.<\/span><\/p>\n<p><span style=\"color: #000000\">En resumen se trata de un municipio con una actividad econ\u00f3mica bastante diversificada y con una muy interesante disponibilidad de servicios, tanto en calidad como en cantidad, para el tama\u00f1o del municipio.<\/span><\/p>\n<p><strong><a href=\"https:\/\/eu.wikipedia.org\/wiki\/Etxauri\">https:\/\/eu.wikipedia.org\/wiki\/Etxauri<\/a><\/strong><\/p>\n<\/div>\n<\/div>\n<p><\/p>","protected":false},"excerpt":{"rendered":"<p>Bienvenidas y bienvenidos a Etxauri, pueblo hist\u00f3rico situado al norte del valle de su nombre y al poniente de la cuenca de Pamplona, compuesto por los lugares de Etxauri y Otazu. Etxauri se caracteriza por ser una localidad acogedora y&hellip; <\/p>\n","protected":false},"author":1,"featured_media":0,"parent":0,"menu_order":20,"comment_status":"closed","ping_status":"closed","template":"","meta":{"_monsterinsights_skip_tracking":false,"_monsterinsights_sitenote_active":false,"_monsterinsights_sitenote_note":"","_monsterinsights_sitenote_category":0,"footnotes":""},"class_list":["post-12","page","type-page","status-publish","hentry"],"yoast_head":"<!-- This site is optimized with the Yoast SEO plugin v26.8 - https:\/\/yoast.com\/product\/yoast-seo-wordpress\/ -->\r\n<title>Etxauri - Ayuntamiento de Etxauri<\/title>\r\n<meta name=\"robots\" content=\"index, follow, max-snippet:-1, max-image-preview:large, max-video-preview:-1\" \/>\r\n<link rel=\"canonical\" href=\"http:\/\/www.etxauri.eus\/es\/etxauri\/\" \/>\r\n<meta property=\"og:locale\" content=\"es_ES\" \/>\r\n<meta property=\"og:type\" content=\"article\" \/>\r\n<meta property=\"og:title\" content=\"Etxauri - Ayuntamiento de Etxauri\" \/>\r\n<meta property=\"og:description\" content=\"Bienvenidas y bienvenidos a Etxauri, pueblo hist\u00f3rico situado al norte del valle de su nombre y al poniente de la cuenca de Pamplona, compuesto por los lugares de Etxauri y Otazu. Etxauri se caracteriza por ser una localidad acogedora y&hellip;\" \/>\r\n<meta property=\"og:url\" content=\"http:\/\/www.etxauri.eus\/es\/etxauri\/\" \/>\r\n<meta property=\"og:site_name\" content=\"Ayuntamiento de Etxauri\" \/>\r\n<meta property=\"article:modified_time\" content=\"2024-04-18T10:48:43+00:00\" \/>\r\n<meta name=\"twitter:card\" content=\"summary_large_image\" \/>\r\n<meta name=\"twitter:label1\" content=\"Tiempo de lectura\" \/>\n\t<meta name=\"twitter:data1\" content=\"19 minutos\" \/>\r\n<script type=\"application\/ld+json\" class=\"yoast-schema-graph\">{\"@context\":\"https:\/\/schema.org\",\"@graph\":[{\"@type\":\"WebPage\",\"@id\":\"http:\/\/www.etxauri.eus\/es\/etxauri\/\",\"url\":\"http:\/\/www.etxauri.eus\/es\/etxauri\/\",\"name\":\"Etxauri - Ayuntamiento de Etxauri\",\"isPartOf\":{\"@id\":\"http:\/\/www.etxauri.eus\/es\/#website\"},\"datePublished\":\"2024-04-12T17:00:30+00:00\",\"dateModified\":\"2024-04-18T10:48:43+00:00\",\"breadcrumb\":{\"@id\":\"http:\/\/www.etxauri.eus\/es\/etxauri\/#breadcrumb\"},\"inLanguage\":\"es\",\"potentialAction\":[{\"@type\":\"ReadAction\",\"target\":[[\"http:\/\/www.etxauri.eus\/es\/etxauri\/\"]]}]},{\"@type\":\"BreadcrumbList\",\"@id\":\"http:\/\/www.etxauri.eus\/es\/etxauri\/#breadcrumb\",\"itemListElement\":[{\"@type\":\"ListItem\",\"position\":1,\"name\":\"Portada\",\"item\":\"http:\/\/www.etxauri.eus\/es\/\"},{\"@type\":\"ListItem\",\"position\":2,\"name\":\"Etxauri\"}]},{\"@type\":\"WebSite\",\"@id\":\"http:\/\/www.etxauri.eus\/es\/#website\",\"url\":\"http:\/\/www.etxauri.eus\/es\/\",\"name\":\"Ayuntamiento de Etxauri\",\"description\":\"Ayuntamiento de Etxauri\",\"potentialAction\":[{\"@type\":\"SearchAction\",\"target\":{\"@type\":\"EntryPoint\",\"urlTemplate\":\"http:\/\/www.etxauri.eus\/es\/?s={search_term_string}\"},\"query-input\":{\"@type\":\"PropertyValueSpecification\",\"valueRequired\":true,\"valueName\":\"search_term_string\"}}],\"inLanguage\":\"es\"}]}<\/script>\r\n<!-- \/ Yoast SEO plugin. -->","yoast_head_json":{"title":"Etxauri - Ayuntamiento de Etxauri","robots":{"index":"index","follow":"follow","max-snippet":"max-snippet:-1","max-image-preview":"max-image-preview:large","max-video-preview":"max-video-preview:-1"},"canonical":"http:\/\/www.etxauri.eus\/es\/etxauri\/","og_locale":"es_ES","og_type":"article","og_title":"Etxauri - Ayuntamiento de Etxauri","og_description":"Bienvenidas y bienvenidos a Etxauri, pueblo hist\u00f3rico situado al norte del valle de su nombre y al poniente de la cuenca de Pamplona, compuesto por los lugares de Etxauri y Otazu. Etxauri se caracteriza por ser una localidad acogedora y&hellip;","og_url":"http:\/\/www.etxauri.eus\/es\/etxauri\/","og_site_name":"Ayuntamiento de Etxauri","article_modified_time":"2024-04-18T10:48:43+00:00","twitter_card":"summary_large_image","twitter_misc":{"Tiempo de lectura":"19 minutos"},"schema":{"@context":"https:\/\/schema.org","@graph":[{"@type":"WebPage","@id":"http:\/\/www.etxauri.eus\/es\/etxauri\/","url":"http:\/\/www.etxauri.eus\/es\/etxauri\/","name":"Etxauri - Ayuntamiento de Etxauri","isPartOf":{"@id":"http:\/\/www.etxauri.eus\/es\/#website"},"datePublished":"2024-04-12T17:00:30+00:00","dateModified":"2024-04-18T10:48:43+00:00","breadcrumb":{"@id":"http:\/\/www.etxauri.eus\/es\/etxauri\/#breadcrumb"},"inLanguage":"es","potentialAction":[{"@type":"ReadAction","target":[["http:\/\/www.etxauri.eus\/es\/etxauri\/"]]}]},{"@type":"BreadcrumbList","@id":"http:\/\/www.etxauri.eus\/es\/etxauri\/#breadcrumb","itemListElement":[{"@type":"ListItem","position":1,"name":"Portada","item":"http:\/\/www.etxauri.eus\/es\/"},{"@type":"ListItem","position":2,"name":"Etxauri"}]},{"@type":"WebSite","@id":"http:\/\/www.etxauri.eus\/es\/#website","url":"http:\/\/www.etxauri.eus\/es\/","name":"Ayuntamiento de Etxauri","description":"Ayuntamiento de Etxauri","potentialAction":[{"@type":"SearchAction","target":{"@type":"EntryPoint","urlTemplate":"http:\/\/www.etxauri.eus\/es\/?s={search_term_string}"},"query-input":{"@type":"PropertyValueSpecification","valueRequired":true,"valueName":"search_term_string"}}],"inLanguage":"es"}]}},"_links":{"self":[{"href":"http:\/\/www.etxauri.eus\/es\/wp-json\/wp\/v2\/pages\/12","targetHints":{"allow":["GET"]}}],"collection":[{"href":"http:\/\/www.etxauri.eus\/es\/wp-json\/wp\/v2\/pages"}],"about":[{"href":"http:\/\/www.etxauri.eus\/es\/wp-json\/wp\/v2\/types\/page"}],"author":[{"embeddable":true,"href":"http:\/\/www.etxauri.eus\/es\/wp-json\/wp\/v2\/users\/1"}],"replies":[{"embeddable":true,"href":"http:\/\/www.etxauri.eus\/es\/wp-json\/wp\/v2\/comments?post=12"}],"version-history":[{"count":13,"href":"http:\/\/www.etxauri.eus\/es\/wp-json\/wp\/v2\/pages\/12\/revisions"}],"predecessor-version":[{"id":15785,"href":"http:\/\/www.etxauri.eus\/es\/wp-json\/wp\/v2\/pages\/12\/revisions\/15785"}],"wp:attachment":[{"href":"http:\/\/www.etxauri.eus\/es\/wp-json\/wp\/v2\/media?parent=12"}],"curies":[{"name":"wp","href":"https:\/\/api.w.org\/{rel}","templated":true}]}}