{"id":5,"date":"2015-10-29T10:53:01","date_gmt":"2015-10-29T10:53:01","guid":{"rendered":"http:\/\/www.etxauri.eus\/?page_id=5"},"modified":"2016-11-07T18:33:07","modified_gmt":"2016-11-07T18:33:07","slug":"visitanos","status":"publish","type":"page","link":"https:\/\/www.etxauri.eus\/es\/visitanos\/","title":{"rendered":"Vis\u00edtanos"},"content":{"rendered":"<p><img loading=\"lazy\" decoding=\"async\" class=\"alignnone wp-image-19 size-full\" src=\"\/wp-content\/uploads\/sites\/103\/2015\/10\/navarra.jpg\" alt=\"navarra\" width=\"279\" height=\"300\" \/><img loading=\"lazy\" decoding=\"async\" class=\"alignnone wp-image-20 size-full\" src=\"\/wp-content\/uploads\/sites\/103\/2015\/10\/carreteras.jpg\" alt=\"carreteras\" width=\"279\" height=\"300\" \/><\/p>\n<p><a href=\"http:\/\/www.lapamplonesa.com\/es-autobuses-la-pamplonesa-s-a-horarios-lineas-regulares.html\" target=\"_blank\">Horarios de autob\u00fas La Pamplonesa<\/a><\/p>\n<div id=\"contenido\">\n<h3>FIESTAS PATRONALES<\/h3>\n<p>Las fiestas patronales se festejan el 13 de Junio (San Antonio) y los d\u00edas m\u00e1s cercanos al fin de semana. Durante cuatro o cinco d\u00edas predominan actividades como m\u00fasica, teatro, partidos de pelota, juegos para ni\u00f1os y diversi\u00f3n para todos.<img loading=\"lazy\" decoding=\"async\" class=\"alignright wp-image-22 size-full\" src=\"\/wp-content\/uploads\/sites\/103\/2015\/10\/fiestas.jpg\" alt=\"Fiestas\" width=\"200\" height=\"179\" \/><\/p>\n<p>Dos elementos destacan tambi\u00e9n en nuestra festividad: la presencia de la comparsa de gigantes y cabezudos y un instrumento cuya estampa se ha hecho imprescindible en nuestras fiestas, hablamos de la gaita. Es este un instrumento de viento (conocido tambi\u00e9n como dulzaina), que casi siempre se toca en n\u00famero de dos, acompa\u00f1ado por el tamboril y que, sin ser sonido penetrante, es chill\u00f3n y a la vez arm\u00f3nico. Es inconcebible cualquier fiesta dentro de nuestro municipio sin la gaita y el tamboril.<\/p>\n<h3>FIESTAS TXIKIS<\/h3>\n<p>La festividad de Santa Eulalia, el 10 de diciembre, era antiguamente la fiesta grande de la localidad. En la actualidad en ese d\u00eda y durante el fin de semana de diciembre m\u00e1s cercano a esta fecha, se celebran las tradicionales fiestas txikis que tienen un marcado car\u00e1cter local.<\/p>\n<h3>GASTRONOM\u00cdA<\/h3>\n<p>En cuanto a las carnes, es plato caracter\u00edstico el cordero asado, criado con mimo por los pastores de la localidad.<\/p>\n<p>Un plato representativo que se consume durante las fiestas de Etxauri es el \u00abrelleno\u00bb, t\u00edpico en las comidas de infinidad de familias.<\/p>\n<p>Y como no, para postre no puede faltar en ninguna mesa nuestro producto m\u00e1s exclusivo y conocido como son las cerezas de Etxauri.<\/p>\n<h3>TRADICIONES<\/h3>\n<ul>\n<li><strong>Cross de Etxauri:<\/strong> Subida popular al alto de Etxauri (Larreaundi), sin duda alguna la carrera popular m\u00e1s longeva de Navarra. Se realiza el \u00faltimo domingo de Marzo o el primer domingo de Abril, dependiendo de las celebraciones de la semana santa. En el a\u00f1o 2009 alcanz\u00f3 sus 30 a\u00f1os de existencia consolid\u00e1ndose como prueba referente en su categor\u00eda.<\/li>\n<li><strong><img loading=\"lazy\" decoding=\"async\" class=\"alignright wp-image-23 size-full\" src=\"\/wp-content\/uploads\/sites\/103\/2015\/10\/tradiciones.jpg\" alt=\"tradiciones\" width=\"200\" height=\"144\" \/>Memorial Alberto Lacosta:<\/strong> Levantamiento de la piedra de Etxauri, \u00abEtxauriko Harria\u00bb, su primera edici\u00f3n se celebr\u00f3 en el a\u00f1o 2000, produciendo una importante repercusi\u00f3n en el mundo del herri kirol. La competencia entre los mejores \u00abharrijasotzailes\u00bb por batir el record de alzadas ha supuesto la consolidaci\u00f3n de la prueba dentro del calendario deportivo navarro. El memorial coincide con la celebraci\u00f3n del cross, una vez finalizada la prueba de subida al alto de Etxauri. \u00abLa piedra de Etxauri\u00bb, \u00abEtxauriko Harria\u00bb pertenece a la categor\u00eda de piedras irregulares, con un peso de 136,5\u00a0<abbr title=\"kilogramos\">Kg<\/abbr> y de forma muy desigual, lo que acrecienta la dificultad del levantamiento.<br \/>\n<a title=\"Etxauriko Harria\" href=\"http:\/\/etxauriharria.blogspot.com.es\">http:\/\/etxauriharria.blogspot.com.es<\/a><\/li>\n<li><strong>Hogueras de San Juan:<\/strong> Antiguamente la proclama del solsticio de verano se celebraba por barrios, cada cual organizando la hoguera de forma tradicional. Durante unos a\u00f1os la perdida progresiva de habitantes termin\u00f3 con esta tradici\u00f3n, recuperada \u00faltimamente en una fiesta conjunta en las instalaciones deportivas, donde los etxauriarras dan rienda suelta a la imaginaci\u00f3n y al libertinaje de la noche de San Juan.<\/li>\n<li><strong>Olentzero eta Mari Domingi:<\/strong> Tradici\u00f3n recuperada en Etxauri a finales de los a\u00f1os setenta, consolid\u00e1ndose en las d\u00e9cadas ochenta y noventa. Actualmente y desde hace unos a\u00f1os la celebraci\u00f3n es conjunta para todo el valle de Etxauri. Olentzero se ha convertido en una fiesta referente para todos\/as, la ilusi\u00f3n de su llegada embraga a los ciudadanos del valle, sobre todo a los m\u00e1s peque\u00f1os con el sue\u00f1o de recibir sus regalos y disfrutar de la llegada del carbonero m\u00e1s popular de Euskal Herria.<br \/>\n<img loading=\"lazy\" decoding=\"async\" class=\"alignnone size-full wp-image-24\" src=\"\/wp-content\/uploads\/sites\/103\/2015\/10\/tradiciones3.jpg\" alt=\"Olentzero\" width=\"200\" height=\"150\" \/>\u00a0<img loading=\"lazy\" decoding=\"async\" class=\"alignnone size-full wp-image-25\" src=\"\/wp-content\/uploads\/sites\/103\/2015\/10\/carnavales_.jpg\" alt=\"carnavales\" width=\"116\" height=\"150\" \/><\/li>\n<li><strong>Noche de Reyes:<\/strong> La tarde que precede a la noche de Reyes (5 de enero) es tradici\u00f3n celebrar la llegada de los Reyes Magos. Los actos se realizan en el interior de la parroquia de Santa Eulalia, donde los m\u00e1s peque\u00f1os dan rienda suelta a la imaginaci\u00f3n, esperando que llegue la noche, y as\u00ed, recibir los ansiados regalos solicitados.<\/li>\n<li><strong>Santa \u00c1gueda:<\/strong> Se celebra el 4 de febrero, llevando los cantos populares por todos los rincones del valle.<\/li>\n<li><strong>Carnavales:<\/strong> Se festejan durante el mes de febrero, coincidiendo con el calendario escolar. Es tradicional el ascenso a la cumbre de la Sierra de Sarbil (Santa Cruz) y el popular almuerzo posterior en el hayedo de Muniain; por la tarde la quema del mu\u00f1eco de carnaval y en la noche fiesta en la sociedad.<\/li>\n<\/ul>\n<h3>ROMER\u00cdAS<\/h3>\n<p>En cuanto a las romer\u00edas, muy populares en \u00e9pocas anteriores, se realizan tres a lo largo del a\u00f1o y son las siguientes:<\/p>\n<ul>\n<li><strong>San Marcos o \u00abVirgen del Perd\u00f3n\u00bb:<\/strong> Es la romer\u00eda por excelencia y en ella participan los vecinos de todos los pueblos del valle (Ubani, Zabalza, Arraiza, Belascoain, Bidaurreta, Etxarri, Ziriza y Etxauri). La festividad es el 25 de abril, pero se celebra el domingo siguiente. Los vecinos salen de su localidad acudiendo hasta el pueblo de Muru-Astrain, de aqu\u00ed se trasladan en romer\u00eda hasta el municipio de Astrain, donde se celebra la tradicional fiesta de San Marcos.<\/li>\n<li><strong>Virgen de los Remedios:<\/strong> Antiguamente consist\u00eda en una romer\u00eda, sin embargo, en la actualidad y desde hace unos a\u00f1os se celebra una misa el primer domingo de septiembre en su honor.<\/li>\n<li><strong>Virgen de Arrigorria:<\/strong> El domingo siguiente a la festividad de San Isidro la romer\u00eda sale de Arraiza, honrando a la virgen en la ermita del Salvador, situada en el recinto del palacio de Otazu.<\/li>\n<\/ul>\n<h3><\/h3>\n<h3>EL EUSKERA<\/h3>\n<p><a class=\"pdf mtli_attachment mtli_pdf\" title=\"El documento PDF se abrir\u00e1 en nueva ventana\" href=\"\/wp-content\/uploads\/sites\/103\/2015\/10\/euskera_etxauri.pdf\" target=\"_blank\">El Euskera (Tama\u00f1o 532Kb).<\/a><\/p>\n<div id=\"caja_blanca\">\n<div id=\"contenido\">\n<h2>QU\u00c9 VISITAR<\/h2>\n<h3><\/h3>\n<h3>Casa Consistorial<\/h3>\n<p>Edificio construido a mediados del siglo XIX y rehabilitado en su totalidad en la d\u00e9cada de los noventa. Consta de planta baja m\u00e1s dos elevadas. Tiene un porche formado por tres arcos y su fachada principal es de mamposter\u00eda.<img loading=\"lazy\" decoding=\"async\" class=\"alignright wp-image-40 size-full\" src=\"\/wp-content\/uploads\/sites\/103\/2015\/10\/ayuntamiento.jpg\" alt=\"ayuntamiento\" width=\"200\" height=\"150\" \/><\/p>\n<p>El edificio alberga las dependencias municipales. En la planta primera se atiende a la poblaci\u00f3n de Etxauri, Ziriza, Echarri y Bidaurreta. La planta segunda la componen dos salas multiusos, donde se desarrollan actividades para todo el municipio. Y en la planta baja se encuentran la ludoteca municipal y el centro de jubilados Santa Eulalia.<\/p>\n<h3>Iglesia de Santa Eulalia<\/h3>\n<p>Fue construida en el siglo XVIII, sobre otra anterior medieval. Tiene planta de cruz latina, cubierta en el tramo de los pies por b\u00f3veda de ca\u00f1\u00f3n, el resto por b\u00f3vedas de lunetos, con una c\u00fapula sobre pechinas en el centro del crucero. La portada es de medio punto sin <img loading=\"lazy\" decoding=\"async\" class=\"alignright wp-image-41 size-full\" src=\"\/wp-content\/uploads\/sites\/103\/2015\/10\/iglesia_santa_eulalia.jpg\" alt=\"iglesia_santa_eulalia\" width=\"150\" height=\"100\" \/>decoraci\u00f3n. El retablo es neocl\u00e1sico, con tallas de Santa Eulalia y San Antonio de Padua.<\/p>\n<p>En su interior destaca el \u00f3rgano, de estilo neog\u00f3tico. Construido en el a\u00f1o 1863 por Jos\u00e9 Antonio Oria y Arteche, en Puente La Reina, se ha rehabilitado y recuperado para el culto recientemente.<\/p>\n<p><a href=\"http:\/\/www.etxauri.eus\/wp-content\/uploads\/sites\/103\/2015\/10\/Restaurado-el-\u00f3rgano-de-Santa-Eulalia-de-Etxauri.docx\" class=\"mtli_attachment mtli_docx\">Restaurado el \u00f3rgano de Santa Eulalia de Etxauri<\/a><a href=\"http:\/\/www.etxauri.eus\/wp-content\/uploads\/sites\/103\/2015\/10\/\u00d3rgano-Etxauri-ko-organoa-2.jpg\"><img loading=\"lazy\" decoding=\"async\" class=\"wp-image-563 aligncenter\" src=\"http:\/\/www.etxauri.eus\/wp-content\/uploads\/sites\/103\/2015\/10\/\u00d3rgano-Etxauri-ko-organoa-2-300x199.jpg\" alt=\"\u00d3rgano Etxauri-ko organoa 2\" width=\"172\" height=\"114\" srcset=\"https:\/\/www.etxauri.eus\/wp-content\/uploads\/sites\/103\/2015\/10\/\u00d3rgano-Etxauri-ko-organoa-2-300x199.jpg 300w, https:\/\/www.etxauri.eus\/wp-content\/uploads\/sites\/103\/2015\/10\/\u00d3rgano-Etxauri-ko-organoa-2-1024x680.jpg 1024w, https:\/\/www.etxauri.eus\/wp-content\/uploads\/sites\/103\/2015\/10\/\u00d3rgano-Etxauri-ko-organoa-2-600x398.jpg 600w\" sizes=\"auto, (max-width: 172px) 100vw, 172px\" \/><\/a><\/p>\n<h3>Ermita de Santa Cruz<\/h3>\n<p>La ermita de Santa Cruz, situada en la cumbre de la sierra de Sarbil (1.138 metros) est\u00e1 <img loading=\"lazy\" decoding=\"async\" class=\"alignright wp-image-42 size-full\" src=\"\/wp-content\/uploads\/sites\/103\/2015\/10\/ermita_santa_cruz.jpg\" alt=\"ermita_santa_cruz\" width=\"150\" height=\"112\" \/>compuesta por un refugio adjunto y un rustico crucero. El atractivo m\u00e1s significativo son las impresionantes vistas: el valle de Etxauri, la cuenca de Pamplona y en la lejan\u00eda los Pirineos y el Moncayo. Sin duda un lugar muy atractivo para los amantes de la monta\u00f1a, ya que tiene unos accesos f\u00e1ciles y variados.<\/p>\n<h3>Ermita Nuestra Se\u00f1ora de Los Remedios<\/h3>\n<p>Ermita situada junto al antiguo Palacio de los Mora. Construido en el siglo XVII;\u00a0ambos edificios est\u00e1n rehabilitados\u00a0 . La ermita posee una puerta de medio <img loading=\"lazy\" decoding=\"async\" class=\"alignright wp-image-43 size-full\" src=\"\/wp-content\/uploads\/sites\/103\/2015\/10\/ermita_remedios.jpg\" alt=\"ermita_remedios\" width=\"150\" height=\"103\" \/>punto al lado de la ep\u00edstola y el retablo cuenta con una imagen de la Virgen de los Remedios. Antiguamente se celebra una romer\u00eda, sin embargo, en la actualidad y desde hace unos a\u00f1os, se celebra una misa el primer domingo de septiembre. S\u00f3lo se puede visitar el d\u00eda de la celebraci\u00f3n.<\/p>\n<h3>Se\u00f1or\u00edo de Otazu<\/h3>\n<p>El conjunto medieval de Otazu, costa de un palacio del siglo XVI, una torre palomar del siglo XIV y la iglesia rom\u00e1nica de San Esteban.<\/p>\n<p><img loading=\"lazy\" decoding=\"async\" class=\"alignnone wp-image-44 size-full\" src=\"\/wp-content\/uploads\/sites\/103\/2015\/10\/senorio_otazu.jpg\" alt=\"senorio_otazu\" width=\"200\" height=\"133\" \/> <img loading=\"lazy\" decoding=\"async\" class=\"alignnone wp-image-37 size-full\" src=\"\/wp-content\/uploads\/sites\/103\/2015\/10\/senorio_otazu2.jpg\" alt=\"senorio_otazu2\" width=\"218\" height=\"100\" \/><\/p>\n<h3>Bodega Otazu: Vino, arte, historia, naturaleza<\/h3>\n<p>Ubicada en el centro del se\u00f1or\u00edo, en un entorno privilegiado de Val de Etxauri; est\u00e1 anexa a la antigua bodega de estilo franc\u00e9s construida en el siglo XIX, rehabilitada y ampliada por la sociedad GABARBIDE, <acronym title=\"Sociedad An\u00f3nima\">S.A.<\/acronym> .La nueva bodega es una maravilla arquitect\u00f3nica, una catedral del vino que integra las m\u00e1s avanzadas tecnolog\u00edas de elaboraci\u00f3n y todo el saber de muchas generaciones.<\/p>\n<p><a href=\"http:\/\/www.etxauri.eus\/wp-content\/uploads\/sites\/103\/2015\/10\/Otazu-completa.jpg\"><img loading=\"lazy\" decoding=\"async\" class=\"alignnone  wp-image-521\" src=\"http:\/\/www.etxauri.eus\/wp-content\/uploads\/sites\/103\/2015\/10\/Otazu-completa-300x199.jpg\" alt=\"Otazu completa\" width=\"243\" height=\"161\" srcset=\"https:\/\/www.etxauri.eus\/wp-content\/uploads\/sites\/103\/2015\/10\/Otazu-completa-300x199.jpg 300w, https:\/\/www.etxauri.eus\/wp-content\/uploads\/sites\/103\/2015\/10\/Otazu-completa.jpg 528w\" sizes=\"auto, (max-width: 243px) 100vw, 243px\" \/><\/a><\/p>\n<p>M\u00e1s informaci\u00f3n en la p\u00e1gina web: <a title=\"Se abre en nueva ventana\" href=\"http:\/\/www.otazu.com\" target=\"_blank\">www.otazu.com<\/a><\/p>\n<h3>Torres Medievales<\/h3>\n<p>Las torres palomeras existentes en Etxauri son todas de origen medieval. Son de planta cuadrada, con algunos ventanales de ojivas en la parte alta, terminando despu\u00e9s con una o varias hileras de cornisas. Cabe destacar algunos detalles ornamentales como son las ventanas tripartidas existentes en varias torres. Los edificios son todos de propiedad privada y en general est\u00e1n en buen estado de conservaci\u00f3n. Algunas de ellas son vivienda habitual de los propietarios.<\/p>\n<p><img loading=\"lazy\" decoding=\"async\" class=\"alignnone wp-image-39 size-full\" src=\"\/wp-content\/uploads\/sites\/103\/2015\/10\/torre_medieval2.jpg\" alt=\"torre_medieval2\" width=\"150\" height=\"134\" \/><a href=\"\/wp-content\/uploads\/sites\/103\/2015\/10\/torre_medieval.jpg\">\u00a0 <img loading=\"lazy\" decoding=\"async\" class=\"alignnone size-full wp-image-38\" src=\"\/wp-content\/uploads\/sites\/103\/2015\/10\/torre_medieval.jpg\" alt=\"torre_medieval\" width=\"150\" height=\"199\" \/><\/a><\/p>\n<h3>La escalada en Etxauri<\/h3>\n<p>Las paredes de la vertiente sur de la Sierra de Sarbil en Etxauri son sin duda la mejor zona de escalada de toda Navarra y una de las mejores escuelas deportivas en su estilo de toda Europa. En Etxauri se dan un conjunto de condiciones que son dif\u00edciles de repetir. La roca es de muy buena calidad, los equipamientos son buenos, en muchas de las v\u00edas que se han equipado estos \u00faltimos a\u00f1os se han colocado anclajes qu\u00edmicos. Es una magnifica escuela, en ella encontrar\u00e1s un importante n\u00famero de paredes y sectores, cuenta tambi\u00e9n con un gran n\u00famero de v\u00edas, estilos y dificultades. La accesibilidad de las paredes, la cercan\u00eda a Pamplona y las cortas aproximaciones son algunos de los puntos que tiene esta zona de escalada a su favor. El microclima del valle de Etxauri y el magn\u00edfico entorno natural son las dos caracter\u00edsticas que cierran el conjunto de bondades de esta escuela.<\/p>\n<p>En la \u00faltima d\u00e9cada se han equipado una gran cantidad de nuevos itinerarios, muchos de ellos de una gran calidad. Se ha trabajado en la creaci\u00f3n de un gran n\u00famero de v\u00edas de grado alto y muy alto, tambi\u00e9n en v\u00edas de grados medios y bajos, y se han creado dos nuevos sectores con v\u00edas de poca dificultad pensados para la iniciaci\u00f3n de la escalada. Tambi\u00e9n se han reequipado algunas v\u00edas antiguas y algunos sectores olvidados, y se han creado algunos nuevos caminos y mejorado algunos de los existente que se hab\u00edan cerrado por el paso del tiempo. En todo este proceso de creaci\u00f3n y recuperaci\u00f3n de la escuela, han tenido mucho que ver la comisi\u00f3n de Equipamientos de la FNDME y un peque\u00f1o grupo de escaladores y equipadores que con mucha ilusi\u00f3n y dedicaci\u00f3n han trabajado para llegar al punto en que nos encontramos. Han sido miembros de la CE en estos \u00faltimos a\u00f1os, Koldo Bayona, Ioseba Arlegi, Ekaitz Maiz, Javi Acebedo y Carlos Vel\u00e1zquez.<\/p>\n<p>Las paredes calizas de Etxauri tienen alturas entre 20 y 130 metros. La orientaci\u00f3n predominante del roquedo es sur, y hay algunos sectores con orientaciones este y oeste, pero tambi\u00e9n hay algunos mas sombreados con orientaci\u00f3n norte donde escalar los d\u00edas calurosos de verano. Durante la mayor parte del a\u00f1o se puede escalar en Etxauri.<\/p>\n<p>La mayor parte de los itinerarios son de estilo deportivo aunque tambi\u00e9n hay algunas v\u00edas de estilo cl\u00e1sico. En total hay 730 v\u00edas, repartidas en 40 sectores, todas estas rutas suman 935 largos de cuerda, por lo que puedo decir que seguro que encontrar\u00e1s el tipo de v\u00eda y dificultad que buscas. Seguramente en el momento que leas este texto ya tengas que sumar algunas rutas mas equipadas en Etxauri.<\/p>\n<p><strong>Servicios:<\/strong> En Etxauri hay una tienda de comestibles y una farmacia, tambi\u00e9n hay dos bares, uno junto al front\u00f3n, es la Sociedad Denak bat, y el otro en la plaza Bar Basterra.<\/p>\n<p><strong>D\u00f3nde dormir:<\/strong> Los camping m\u00e1s cercanos son el Camping Lizarra en Estella\/Lizarra (tel\u00e9fono 948 55 17 33), el de Ezcaba cercano a Pamplona\u00a0y el Molino en Mendigorria (tel\u00e9fono 948 34 06 04). Existe un refugio no guardado en las paredes, se encuentra en el sector pared del refugio, (consulta el mapa de accesos de Etxauri, Refugio Marcos Feli\u00fa) tiene capacidad m\u00e1s o menos para 6 personas y su estado de conservaci\u00f3n y limpieza es precario. Hay algunos vivacs en la zona, puedes consultar a escaladores locales.<\/p>\n<p><strong>Otras zonas de escalada:<\/strong> Otras escuelas cercanas son Pe\u00f1artea al sur de Pamplona, La Sima, Biaizpe-Dos Hermanas, Lezaia, San Fausto y Eulate\/Aranaratxe. Mas informaci\u00f3n en la gu\u00eda de escaladas de Navarra.<\/p>\n<p>La informaci\u00f3n sobre la escalada en Etxauri que aparece en esta Web ha sido cedida por Sua Edizioak y Carlos Vel\u00e1zquez.<\/p>\n<p><strong>Nota:<\/strong> La escalada es un deporte potencialmente peligroso. Nunca podr\u00e1s basar tu seguridad o la de tus compa\u00f1eros de cordada, en la informaci\u00f3n obtenida aqu\u00ed. Todos los datos que figuran en esta p\u00e1gina han sido obtenidos y contrastados por un importante n\u00famero de escaladores, pero aun as\u00ed pueden existir errores, o pueden haber cambiado algunos datos por reequipamientos, cambio en los emplazamiento de los r\u00e1peles, descuelgues, <abbr title=\"etc\u00e9tera\">etc<\/abbr>. Ten en cuenta que es necesario que todo escalador pase por un periodo de formaci\u00f3n impartido por instructores titulados. Esta formaci\u00f3n te ayudar\u00e1 a conocer las t\u00e9cnicas de progresi\u00f3n, seguridad y aseguramiento, adem\u00e1s te ense\u00f1ar\u00e1n a conocer tus posibilidades y limitaciones. Este ayuntamiento y el autor de esta informaci\u00f3n no se responsabilizan de los accidentes como consecuencia del uso de la informaci\u00f3n obtenida en esta p\u00e1gina.<\/p>\n<p><a class=\"pdf mtli_attachment mtli_pdf\" title=\"El documento PDF se abrir\u00e1 en nueva ventana\" href=\"\/wp-content\/uploads\/sites\/103\/2015\/10\/mapa_accesos_sectores.pdf\" target=\"_blank\">Mapa de accesos y sectores (Tama\u00f1o 608Kb).<\/a><\/p>\n<p><a class=\"pdf mtli_attachment mtli_pdf\" title=\"El documento PDF se abrir\u00e1 en nueva ventana\" href=\"\/wp-content\/uploads\/sites\/103\/2015\/10\/mapa_cervino_la_mano.pdf\" target=\"_blank\">Mapa Cervino, La Mano (Tama\u00f1o 531Kb).<\/a><\/p>\n<p><a class=\"pdf mtli_attachment mtli_pdf\" title=\"El documento PDF se abrir\u00e1 en nueva ventana\" href=\"\/wp-content\/uploads\/sites\/103\/2015\/10\/mapa_garrafon_pena_roya_rayas.pdf\" target=\"_blank\">Mapa Garraf\u00f3n, Pe\u00f1a Roya y Las Rayas (Tama\u00f1o 521Kb).<\/a><\/p>\n<p><a class=\"pdf mtli_attachment mtli_pdf\" title=\"El documento PDF se abrir\u00e1 en nueva ventana\" href=\"\/wp-content\/uploads\/sites\/103\/2015\/10\/mapa_sector_el_cantero.pdf\" target=\"_blank\">Mapa Sector El Cantero (Tama\u00f1o 622Kb).<\/a><\/p>\n<p><a class=\"pdf mtli_attachment mtli_pdf\" title=\"El documento PDF se abrir\u00e1 en nueva ventana\" href=\"\/wp-content\/uploads\/sites\/103\/2015\/10\/mapa_pared_boj.pdf\" target=\"_blank\">Mapa Pared del Boj (Tama\u00f1o 654Kb).<\/a><\/p>\n<p><a class=\"pdf mtli_attachment mtli_pdf\" title=\"El documento PDF se abrir\u00e1 en nueva ventana\" href=\"\/wp-content\/uploads\/sites\/103\/2015\/10\/mapa_sector_central.pdf\" target=\"_blank\">Mapa Sector Central (Tama\u00f1o 971Kb).<\/a><\/p>\n<p><a class=\"pdf mtli_attachment mtli_pdf\" title=\"El documento PDF se abrir\u00e1 en nueva ventana\" href=\"\/wp-content\/uploads\/sites\/103\/2015\/10\/mapa_espolon_indio.pdf\" target=\"_blank\">Mapa Sector Espol\u00f3n del Indio (Tama\u00f1o 899Kb).<\/a><\/p>\n<p>Las personas interesadas pueden comprar la Gu\u00eda de Escaladas en Navarra en <a title=\"Se abre en nueva ventana\" href=\"http:\/\/www.sua-ediciones.com\/artikulua.cfm?datuak=escalada-en-navarra---guia-completa-carlos-velazquez&amp;kodea=138.10036\" target=\"_blank\">http:\/\/www.sua-ediciones.com\/artikulua.cfm?datuak=escalada-en-navarra&#8212;guia-completa-carlos-velazquez&amp;kodea=138.10036<\/a><\/p>\n<p><a class=\"pdf mtli_attachment mtli_pdf\" title=\"El documento PDF se abrir\u00e1 en nueva ventana\" href=\"\/wp-content\/uploads\/sites\/103\/2015\/10\/datos_historicos_etxauri_escalada.pdf\" target=\"_blank\">Datos Hist\u00f3ricos de Etxauri y la Escalada Navarra (Tama\u00f1o 64Kb).<\/a><\/p>\n<\/div>\n<\/div>\n<\/div>\n<p><\/p>","protected":false},"excerpt":{"rendered":"<p>Horarios de autob\u00fas La Pamplonesa FIESTAS PATRONALES Las fiestas patronales se festejan el 13 de Junio (San Antonio) y los d\u00edas m\u00e1s cercanos al fin de semana. Durante cuatro o cinco d\u00edas predominan actividades como m\u00fasica, teatro, partidos de pelota,&hellip; <\/p>\n","protected":false},"author":1,"featured_media":0,"parent":0,"menu_order":85,"comment_status":"closed","ping_status":"closed","template":"","meta":{"_monsterinsights_skip_tracking":false,"_monsterinsights_sitenote_active":false,"_monsterinsights_sitenote_note":"","_monsterinsights_sitenote_category":0,"footnotes":""},"class_list":["post-5","page","type-page","status-publish","hentry"],"yoast_head":"<!-- This site is optimized with the Yoast SEO plugin v26.8 - https:\/\/yoast.com\/product\/yoast-seo-wordpress\/ -->\r\n<title>Vis\u00edtanosBisita Gaitzazu - Ayuntamiento de Etxauri<\/title>\r\n<meta name=\"robots\" content=\"index, follow, max-snippet:-1, max-image-preview:large, max-video-preview:-1\" \/>\r\n<link rel=\"canonical\" href=\"https:\/\/www.etxauri.eus\/es\/visitanos\/\" \/>\r\n<meta property=\"og:locale\" content=\"es_ES\" \/>\r\n<meta property=\"og:type\" content=\"article\" \/>\r\n<meta property=\"og:title\" content=\"Vis\u00edtanosBisita Gaitzazu - Ayuntamiento de Etxauri\" \/>\r\n<meta property=\"og:description\" content=\"Horarios de autob\u00fas La Pamplonesa FIESTAS PATRONALES Las fiestas patronales se festejan el 13 de Junio (San Antonio) y los d\u00edas m\u00e1s cercanos al fin de semana. Durante cuatro o cinco d\u00edas predominan actividades como m\u00fasica, teatro, partidos de pelota,&hellip;\" \/>\r\n<meta property=\"og:url\" content=\"https:\/\/www.etxauri.eus\/es\/visitanos\/\" \/>\r\n<meta property=\"og:site_name\" content=\"Ayuntamiento de Etxauri\" \/>\r\n<meta property=\"article:modified_time\" content=\"2016-11-07T18:33:07+00:00\" \/>\r\n<meta property=\"og:image\" content=\"http:\/\/www.etxauri.eus\/wp-content\/uploads\/sites\/103\/2015\/10\/Otazu-completa-300x199.jpg\" \/>\r\n<meta name=\"twitter:card\" content=\"summary_large_image\" \/>\r\n<meta name=\"twitter:label1\" content=\"Tiempo de lectura\" \/>\n\t<meta name=\"twitter:data1\" content=\"20 minutos\" \/>\r\n<script type=\"application\/ld+json\" class=\"yoast-schema-graph\">{\"@context\":\"https:\/\/schema.org\",\"@graph\":[{\"@type\":\"WebPage\",\"@id\":\"https:\/\/www.etxauri.eus\/es\/visitanos\/\",\"url\":\"https:\/\/www.etxauri.eus\/es\/visitanos\/\",\"name\":\"Vis\u00edtanosBisita Gaitzazu - Ayuntamiento de Etxauri\",\"isPartOf\":{\"@id\":\"https:\/\/www.etxauri.eus\/es\/#website\"},\"primaryImageOfPage\":{\"@id\":\"https:\/\/www.etxauri.eus\/es\/visitanos\/#primaryimage\"},\"image\":{\"@id\":\"https:\/\/www.etxauri.eus\/es\/visitanos\/#primaryimage\"},\"thumbnailUrl\":\"http:\/\/www.etxauri.eus\/wp-content\/uploads\/sites\/103\/2015\/10\/Otazu-completa-300x199.jpg\",\"datePublished\":\"2015-10-29T10:53:01+00:00\",\"dateModified\":\"2016-11-07T18:33:07+00:00\",\"breadcrumb\":{\"@id\":\"https:\/\/www.etxauri.eus\/es\/visitanos\/#breadcrumb\"},\"inLanguage\":\"es\",\"potentialAction\":[{\"@type\":\"ReadAction\",\"target\":[[\"https:\/\/www.etxauri.eus\/es\/visitanos\/\"]]}]},{\"@type\":\"ImageObject\",\"inLanguage\":\"es\",\"@id\":\"https:\/\/www.etxauri.eus\/es\/visitanos\/#primaryimage\",\"url\":\"http:\/\/www.etxauri.eus\/wp-content\/uploads\/sites\/103\/2015\/10\/Otazu-completa-300x199.jpg\",\"contentUrl\":\"http:\/\/www.etxauri.eus\/wp-content\/uploads\/sites\/103\/2015\/10\/Otazu-completa-300x199.jpg\"},{\"@type\":\"BreadcrumbList\",\"@id\":\"https:\/\/www.etxauri.eus\/es\/visitanos\/#breadcrumb\",\"itemListElement\":[{\"@type\":\"ListItem\",\"position\":1,\"name\":\"Portada\",\"item\":\"https:\/\/www.etxauri.eus\/es\/\"},{\"@type\":\"ListItem\",\"position\":2,\"name\":\"Vis\u00edtanos\"}]},{\"@type\":\"WebSite\",\"@id\":\"https:\/\/www.etxauri.eus\/es\/#website\",\"url\":\"https:\/\/www.etxauri.eus\/es\/\",\"name\":\"Ayuntamiento de Etxauri\",\"description\":\"Ayuntamiento de Etxauri\",\"potentialAction\":[{\"@type\":\"SearchAction\",\"target\":{\"@type\":\"EntryPoint\",\"urlTemplate\":\"https:\/\/www.etxauri.eus\/es\/?s={search_term_string}\"},\"query-input\":{\"@type\":\"PropertyValueSpecification\",\"valueRequired\":true,\"valueName\":\"search_term_string\"}}],\"inLanguage\":\"es\"}]}<\/script>\r\n<!-- \/ Yoast SEO plugin. -->","yoast_head_json":{"title":"Vis\u00edtanosBisita Gaitzazu - Ayuntamiento de Etxauri","robots":{"index":"index","follow":"follow","max-snippet":"max-snippet:-1","max-image-preview":"max-image-preview:large","max-video-preview":"max-video-preview:-1"},"canonical":"https:\/\/www.etxauri.eus\/es\/visitanos\/","og_locale":"es_ES","og_type":"article","og_title":"Vis\u00edtanosBisita Gaitzazu - Ayuntamiento de Etxauri","og_description":"Horarios de autob\u00fas La Pamplonesa FIESTAS PATRONALES Las fiestas patronales se festejan el 13 de Junio (San Antonio) y los d\u00edas m\u00e1s cercanos al fin de semana. Durante cuatro o cinco d\u00edas predominan actividades como m\u00fasica, teatro, partidos de pelota,&hellip;","og_url":"https:\/\/www.etxauri.eus\/es\/visitanos\/","og_site_name":"Ayuntamiento de Etxauri","article_modified_time":"2016-11-07T18:33:07+00:00","og_image":[{"url":"http:\/\/www.etxauri.eus\/wp-content\/uploads\/sites\/103\/2015\/10\/Otazu-completa-300x199.jpg","type":"","width":"","height":""}],"twitter_card":"summary_large_image","twitter_misc":{"Tiempo de lectura":"20 minutos"},"schema":{"@context":"https:\/\/schema.org","@graph":[{"@type":"WebPage","@id":"https:\/\/www.etxauri.eus\/es\/visitanos\/","url":"https:\/\/www.etxauri.eus\/es\/visitanos\/","name":"Vis\u00edtanosBisita Gaitzazu - Ayuntamiento de Etxauri","isPartOf":{"@id":"https:\/\/www.etxauri.eus\/es\/#website"},"primaryImageOfPage":{"@id":"https:\/\/www.etxauri.eus\/es\/visitanos\/#primaryimage"},"image":{"@id":"https:\/\/www.etxauri.eus\/es\/visitanos\/#primaryimage"},"thumbnailUrl":"http:\/\/www.etxauri.eus\/wp-content\/uploads\/sites\/103\/2015\/10\/Otazu-completa-300x199.jpg","datePublished":"2015-10-29T10:53:01+00:00","dateModified":"2016-11-07T18:33:07+00:00","breadcrumb":{"@id":"https:\/\/www.etxauri.eus\/es\/visitanos\/#breadcrumb"},"inLanguage":"es","potentialAction":[{"@type":"ReadAction","target":[["https:\/\/www.etxauri.eus\/es\/visitanos\/"]]}]},{"@type":"ImageObject","inLanguage":"es","@id":"https:\/\/www.etxauri.eus\/es\/visitanos\/#primaryimage","url":"http:\/\/www.etxauri.eus\/wp-content\/uploads\/sites\/103\/2015\/10\/Otazu-completa-300x199.jpg","contentUrl":"http:\/\/www.etxauri.eus\/wp-content\/uploads\/sites\/103\/2015\/10\/Otazu-completa-300x199.jpg"},{"@type":"BreadcrumbList","@id":"https:\/\/www.etxauri.eus\/es\/visitanos\/#breadcrumb","itemListElement":[{"@type":"ListItem","position":1,"name":"Portada","item":"https:\/\/www.etxauri.eus\/es\/"},{"@type":"ListItem","position":2,"name":"Vis\u00edtanos"}]},{"@type":"WebSite","@id":"https:\/\/www.etxauri.eus\/es\/#website","url":"https:\/\/www.etxauri.eus\/es\/","name":"Ayuntamiento de Etxauri","description":"Ayuntamiento de Etxauri","potentialAction":[{"@type":"SearchAction","target":{"@type":"EntryPoint","urlTemplate":"https:\/\/www.etxauri.eus\/es\/?s={search_term_string}"},"query-input":{"@type":"PropertyValueSpecification","valueRequired":true,"valueName":"search_term_string"}}],"inLanguage":"es"}]}},"_links":{"self":[{"href":"https:\/\/www.etxauri.eus\/es\/wp-json\/wp\/v2\/pages\/5","targetHints":{"allow":["GET"]}}],"collection":[{"href":"https:\/\/www.etxauri.eus\/es\/wp-json\/wp\/v2\/pages"}],"about":[{"href":"https:\/\/www.etxauri.eus\/es\/wp-json\/wp\/v2\/types\/page"}],"author":[{"embeddable":true,"href":"https:\/\/www.etxauri.eus\/es\/wp-json\/wp\/v2\/users\/1"}],"replies":[{"embeddable":true,"href":"https:\/\/www.etxauri.eus\/es\/wp-json\/wp\/v2\/comments?post=5"}],"version-history":[{"count":1,"href":"https:\/\/www.etxauri.eus\/es\/wp-json\/wp\/v2\/pages\/5\/revisions"}],"predecessor-version":[{"id":651,"href":"https:\/\/www.etxauri.eus\/es\/wp-json\/wp\/v2\/pages\/5\/revisions\/651"}],"wp:attachment":[{"href":"https:\/\/www.etxauri.eus\/es\/wp-json\/wp\/v2\/media?parent=5"}],"curies":[{"name":"wp","href":"https:\/\/api.w.org\/{rel}","templated":true}]}}